{"id":1815,"date":"2024-04-22T16:41:53","date_gmt":"2024-04-22T16:41:53","guid":{"rendered":"https:\/\/macadecastro.com\/nueva\/maca-de-castro\/"},"modified":"2025-07-02T14:49:57","modified_gmt":"2025-07-02T14:49:57","slug":"maca-de-castro","status":"publish","type":"page","link":"https:\/\/macadecastro.com\/en\/maca-de-castro\/","title":{"rendered":"Maca de Castro"},"content":{"rendered":"\t\t<div data-elementor-type=\"wp-page\" data-elementor-id=\"1815\" class=\"elementor elementor-1815 elementor-541\" data-elementor-post-type=\"page\">\n\t\t\t\t<div class=\"elementor-element elementor-element-687aa3ac e-con-full e-flex e-con e-child\" data-id=\"687aa3ac\" data-element_type=\"container\">\n\t\t<div class=\"elementor-element elementor-element-4b578175 e-con-full e-flex e-con e-child\" data-id=\"4b578175\" data-element_type=\"container\">\n\t\t<div class=\"elementor-element elementor-element-7be66366 e-con-full e-flex e-con e-child\" data-id=\"7be66366\" data-element_type=\"container\" data-settings=\"{&quot;background_background&quot;:&quot;classic&quot;}\">\n\t\t\t\t<\/div>\n\t\t<div class=\"elementor-element elementor-element-7ee4205c e-con-full e-flex e-con e-child\" data-id=\"7ee4205c\" data-element_type=\"container\">\n\t\t\t\t<div class=\"elementor-element elementor-element-55e57f0a elementor-widget elementor-widget-heading\" data-id=\"55e57f0a\" data-element_type=\"widget\" data-widget_type=\"heading.default\">\n\t\t\t\t<div class=\"elementor-widget-container\">\n\t\t\t\t\t<h2 class=\"elementor-heading-title elementor-size-default\">Maca de Castro<\/h2>\t\t\t\t<\/div>\n\t\t\t\t<\/div>\n\t\t\t\t<div class=\"elementor-element elementor-element-30afd9f elementor-widget elementor-widget-text-editor\" data-id=\"30afd9f\" data-element_type=\"widget\" data-widget_type=\"text-editor.default\">\n\t\t\t\t<div class=\"elementor-widget-container\">\n\t\t\t\t\t\t\t\t\t<p>Maca de Castro was born in Mallorca in 1981. He comes from a family linked to the gastronomic world, so he developed a taste for local ingredients very early on;<\/p><p>After training at the hotel and catering school, she began her search for excellence, which led her to travel the world and collaborate with great chefs such as Hilario Arbelaitz and Andoni Luis Aduriz in San Sebastian and Willy Dufresne in New York.<\/p><p>Her foundations are her family, her team is her support, Mallorca is her commitment and the landscapes of the Mediterranean provide her with unlimited inspiration.<\/p>\t\t\t\t\t\t\t\t<\/div>\n\t\t\t\t<\/div>\n\t\t\t\t<div class=\"elementor-element elementor-element-5b62e04 elementor-widget elementor-widget-button\" data-id=\"5b62e04\" data-element_type=\"widget\" data-widget_type=\"button.default\">\n\t\t\t\t<div class=\"elementor-widget-container\">\n\t\t\t\t\t\t\t\t\t<div class=\"elementor-button-wrapper\">\n\t\t\t\t\t<a class=\"elementor-button elementor-button-link elementor-size-sm\" href=\"#bio\">\n\t\t\t\t\t\t<span class=\"elementor-button-content-wrapper\">\n\t\t\t\t\t\t\t\t\t<span class=\"elementor-button-text\">CAREER<\/span>\n\t\t\t\t\t<\/span>\n\t\t\t\t\t<\/a>\n\t\t\t\t<\/div>\n\t\t\t\t\t\t\t\t<\/div>\n\t\t\t\t<\/div>\n\t\t\t\t<div class=\"elementor-element elementor-element-7be126d elementor-widget elementor-widget-heading\" data-id=\"7be126d\" data-element_type=\"widget\" data-widget_type=\"heading.default\">\n\t\t\t\t<div class=\"elementor-widget-container\">\n\t\t\t\t\t<h2 class=\"elementor-heading-title elementor-size-default\">Research + Development + Tradition<\/h2>\t\t\t\t<\/div>\n\t\t\t\t<\/div>\n\t\t\t\t<div class=\"elementor-element elementor-element-d88d603 elementor-widget elementor-widget-text-editor\" data-id=\"d88d603\" data-element_type=\"widget\" data-widget_type=\"text-editor.default\">\n\t\t\t\t<div class=\"elementor-widget-container\">\n\t\t\t\t\t\t\t\t\t<p>The research department, development and tradition aims to catalogue the richness of Mallorca&#8217;s culinary culinary richness of Mallorca through its literature, its sea, its farmers, its markets, its history and its gastronomic roots.<br><br>The process of studying, comparing and researching traditional Mallorcan recipes has given rise to the the Maca de Castro restaurant &#8216;s own style: free Mallorcan cuisine.<br><br>Inspired by tradition and updated thanks to to the permanent listening of the whole chain of suppliers: farmers, fishermen and winegrowers, the free Mallorcan cuisine gives a new approach to the larder of a unique territory.<\/p>\t\t\t\t\t\t\t\t<\/div>\n\t\t\t\t<\/div>\n\t\t\t\t<\/div>\n\t\t\t\t<\/div>\n\t\t\t\t<\/div>\n\t\t<div class=\"elementor-element elementor-element-cb3e2c1 e-con-full e-flex e-con e-child\" data-id=\"cb3e2c1\" data-element_type=\"container\">\n\t\t<div class=\"elementor-element elementor-element-4cb2b83 e-con-full e-flex e-con e-child\" data-id=\"4cb2b83\" data-element_type=\"container\">\n\t\t<div class=\"elementor-element elementor-element-800a9e2 e-con-full e-flex e-con e-child\" data-id=\"800a9e2\" data-element_type=\"container\">\n\t\t\t\t<div class=\"elementor-element elementor-element-143ef84 elementor-widget elementor-widget-menu-anchor\" data-id=\"143ef84\" data-element_type=\"widget\" data-widget_type=\"menu-anchor.default\">\n\t\t\t\t<div class=\"elementor-widget-container\">\n\t\t\t\t\t\t\t<div class=\"elementor-menu-anchor\" id=\"bio\"><\/div>\n\t\t\t\t\t\t<\/div>\n\t\t\t\t<\/div>\n\t\t\t\t<div class=\"elementor-element elementor-element-74f4e45 elementor-widget elementor-widget-heading\" data-id=\"74f4e45\" data-element_type=\"widget\" data-widget_type=\"heading.default\">\n\t\t\t\t<div class=\"elementor-widget-container\">\n\t\t\t\t\t<h2 class=\"elementor-heading-title elementor-size-default\">Trajectory<\/h2>\t\t\t\t<\/div>\n\t\t\t\t<\/div>\n\t\t<div class=\"elementor-element elementor-element-c9f849a e-flex e-con-boxed e-con e-child\" data-id=\"c9f849a\" data-element_type=\"container\">\n\t\t\t\t\t<div class=\"e-con-inner\">\n\t\t<div class=\"elementor-element elementor-element-b7e3d99 e-flex e-con-boxed e-con e-child\" data-id=\"b7e3d99\" data-element_type=\"container\">\n\t\t\t\t\t<div class=\"e-con-inner\">\n\t\t<div class=\"elementor-element elementor-element-7f1ad40 e-con-full e-flex e-con e-child\" data-id=\"7f1ad40\" data-element_type=\"container\">\n\t\t\t\t<div class=\"elementor-element elementor-element-2eb9b5a elementor-widget elementor-widget-text-editor\" data-id=\"2eb9b5a\" data-element_type=\"widget\" data-widget_type=\"text-editor.default\">\n\t\t\t\t<div class=\"elementor-widget-container\">\n\t\t\t\t\t\t\t\t\t<p>2025<\/p>\t\t\t\t\t\t\t\t<\/div>\n\t\t\t\t<\/div>\n\t\t\t\t<\/div>\n\t\t<div class=\"elementor-element elementor-element-8b211db e-con-full e-flex e-con e-child\" data-id=\"8b211db\" data-element_type=\"container\">\n\t\t\t\t<div class=\"elementor-element elementor-element-806bda6 elementor-widget elementor-widget-text-editor\" data-id=\"806bda6\" data-element_type=\"widget\" data-widget_type=\"text-editor.default\">\n\t\t\t\t<div class=\"elementor-widget-container\">\n\t\t\t\t\t\t\t\t\t<p>She maintains his own three vegetable gardens in Sa Pobla, managed by a team that he personally leads, working with local varieties to supply his restaurants with local produce and maximum freshness.<\/p>\t\t\t\t\t\t\t\t<\/div>\n\t\t\t\t<\/div>\n\t\t\t\t<div class=\"elementor-element elementor-element-2c8e42a elementor-widget elementor-widget-text-editor\" data-id=\"2c8e42a\" data-element_type=\"widget\" data-widget_type=\"text-editor.default\">\n\t\t\t\t<div class=\"elementor-widget-container\">\n\t\t\t\t\t\t\t\t\t<p>Best Businesswoman of the Year at the Gala in the Palau de Congressos de Palma. Banc Sabadell honoured as Company of the Year. <\/p>\t\t\t\t\t\t\t\t<\/div>\n\t\t\t\t<\/div>\n\t\t\t\t<\/div>\n\t\t\t\t\t<\/div>\n\t\t\t\t<\/div>\n\t\t<div class=\"elementor-element elementor-element-d14f80a e-con-full e-flex e-con e-child\" data-id=\"d14f80a\" data-element_type=\"container\">\n\t\t<div class=\"elementor-element elementor-element-bf4f991 e-con-full e-flex e-con e-child\" data-id=\"bf4f991\" data-element_type=\"container\">\n\t\t\t\t<div class=\"elementor-element elementor-element-5d97486 elementor-widget elementor-widget-text-editor\" data-id=\"5d97486\" data-element_type=\"widget\" data-widget_type=\"text-editor.default\">\n\t\t\t\t<div class=\"elementor-widget-container\">\n\t\t\t\t\t\t\t\t\t<p>2024<\/p>\t\t\t\t\t\t\t\t<\/div>\n\t\t\t\t<\/div>\n\t\t\t\t<\/div>\n\t\t<div class=\"elementor-element elementor-element-0e9b99d e-con-full e-flex e-con e-child\" data-id=\"0e9b99d\" data-element_type=\"container\">\n\t\t\t\t<div class=\"elementor-element elementor-element-0bc99ab elementor-widget elementor-widget-text-editor\" data-id=\"0bc99ab\" data-element_type=\"widget\" data-widget_type=\"text-editor.default\">\n\t\t\t\t<div class=\"elementor-widget-container\">\n\t\t\t\t\t\t\t\t\t<p>The Eurotoques board appoints Maca de Castro as the new President of the organisation, succeeding Andoni Luis Aduriz after six years in the post.<\/p>\t\t\t\t\t\t\t\t<\/div>\n\t\t\t\t<\/div>\n\t\t\t\t<\/div>\n\t\t\t\t<\/div>\n\t\t<div class=\"elementor-element elementor-element-ec24389 e-flex e-con-boxed e-con e-child\" data-id=\"ec24389\" data-element_type=\"container\">\n\t\t\t\t\t<div class=\"e-con-inner\">\n\t\t<div class=\"elementor-element elementor-element-748ddcc e-con-full e-flex e-con e-child\" data-id=\"748ddcc\" data-element_type=\"container\">\n\t\t\t\t<div class=\"elementor-element elementor-element-b0304e5 elementor-widget elementor-widget-text-editor\" data-id=\"b0304e5\" data-element_type=\"widget\" data-widget_type=\"text-editor.default\">\n\t\t\t\t<div class=\"elementor-widget-container\">\n\t\t\t\t\t\t\t\t\t<p>2023<\/p>\t\t\t\t\t\t\t\t<\/div>\n\t\t\t\t<\/div>\n\t\t\t\t<\/div>\n\t\t<div class=\"elementor-element elementor-element-fc6dce7 e-con-full e-flex e-con e-child\" data-id=\"fc6dce7\" data-element_type=\"container\">\n\t\t\t\t<div class=\"elementor-element elementor-element-f362cb7 elementor-widget elementor-widget-text-editor\" data-id=\"f362cb7\" data-element_type=\"widget\" data-widget_type=\"text-editor.default\">\n\t\t\t\t<div class=\"elementor-widget-container\">\n\t\t\t\t\t\t\t\t\t<p>Female Entrepreneurial Chef Award. XVII Edition of the National Hotel and Catering Awards.<br><br>Maca is recognised as a national and international gastronomic reference by the Board of Directors of Fomento del Turismo de Mallorca and is awarded the Gold Medal.<br> <\/p>\t\t\t\t\t\t\t\t<\/div>\n\t\t\t\t<\/div>\n\t\t\t\t<\/div>\n\t\t\t\t\t<\/div>\n\t\t\t\t<\/div>\n\t\t<div class=\"elementor-element elementor-element-725e403 e-flex e-con-boxed e-con e-child\" data-id=\"725e403\" data-element_type=\"container\">\n\t\t\t\t\t<div class=\"e-con-inner\">\n\t\t<div class=\"elementor-element elementor-element-067debd e-con-full e-flex e-con e-child\" data-id=\"067debd\" data-element_type=\"container\">\n\t\t\t\t<div class=\"elementor-element elementor-element-7afd321 elementor-widget elementor-widget-text-editor\" data-id=\"7afd321\" data-element_type=\"widget\" data-widget_type=\"text-editor.default\">\n\t\t\t\t<div class=\"elementor-widget-container\">\n\t\t\t\t\t\t\t\t\t<p>2021<\/p>\t\t\t\t\t\t\t\t<\/div>\n\t\t\t\t<\/div>\n\t\t\t\t<\/div>\n\t\t<div class=\"elementor-element elementor-element-fe33ff0 e-con-full e-flex e-con e-child\" data-id=\"fe33ff0\" data-element_type=\"container\">\n\t\t\t\t<div class=\"elementor-element elementor-element-6874dbd elementor-widget elementor-widget-text-editor\" data-id=\"6874dbd\" data-element_type=\"widget\" data-widget_type=\"text-editor.default\">\n\t\t\t\t<div class=\"elementor-widget-container\">\n\t\t\t\t\t\t\t\t\t<p>Green Star in the MICHELIN Guide Spain &amp; Portugal 2022.<\/p><p>She was awarded the Grand Prix de l&#8217;Art de la Cuisine by the International Academy of Gastronomy.<\/p>\t\t\t\t\t\t\t\t<\/div>\n\t\t\t\t<\/div>\n\t\t\t\t<\/div>\n\t\t\t\t\t<\/div>\n\t\t\t\t<\/div>\n\t\t<div class=\"elementor-element elementor-element-39c54e7 e-flex e-con-boxed e-con e-child\" data-id=\"39c54e7\" data-element_type=\"container\">\n\t\t\t\t\t<div class=\"e-con-inner\">\n\t\t<div class=\"elementor-element elementor-element-b95a5bd e-con-full e-flex e-con e-child\" data-id=\"b95a5bd\" data-element_type=\"container\">\n\t\t\t\t<div class=\"elementor-element elementor-element-cdb4869 elementor-widget elementor-widget-text-editor\" data-id=\"cdb4869\" data-element_type=\"widget\" data-widget_type=\"text-editor.default\">\n\t\t\t\t<div class=\"elementor-widget-container\">\n\t\t\t\t\t\t\t\t\t<p>2020<\/p>\t\t\t\t\t\t\t\t<\/div>\n\t\t\t\t<\/div>\n\t\t\t\t<\/div>\n\t\t<div class=\"elementor-element elementor-element-81ec1be e-con-full e-flex e-con e-child\" data-id=\"81ec1be\" data-element_type=\"container\">\n\t\t\t\t<div class=\"elementor-element elementor-element-1ba288a elementor-widget elementor-widget-text-editor\" data-id=\"1ba288a\" data-element_type=\"widget\" data-widget_type=\"text-editor.default\">\n\t\t\t\t<div class=\"elementor-widget-container\">\n\t\t\t\t\t\t\t\t\t<p>Opening of the Andana restaurant in the centre of Palma.<\/p><p>Nomination for the Best Chef Award (Rotterdam).<\/p>\t\t\t\t\t\t\t\t<\/div>\n\t\t\t\t<\/div>\n\t\t\t\t<\/div>\n\t\t\t\t\t<\/div>\n\t\t\t\t<\/div>\n\t\t<div class=\"elementor-element elementor-element-40f753a e-flex e-con-boxed e-con e-child\" data-id=\"40f753a\" data-element_type=\"container\">\n\t\t\t\t\t<div class=\"e-con-inner\">\n\t\t<div class=\"elementor-element elementor-element-fd230b5 e-con-full e-flex e-con e-child\" data-id=\"fd230b5\" data-element_type=\"container\">\n\t\t\t\t<div class=\"elementor-element elementor-element-63178fb elementor-widget elementor-widget-text-editor\" data-id=\"63178fb\" data-element_type=\"widget\" data-widget_type=\"text-editor.default\">\n\t\t\t\t<div class=\"elementor-widget-container\">\n\t\t\t\t\t\t\t\t\t<p>2019<\/p>\t\t\t\t\t\t\t\t<\/div>\n\t\t\t\t<\/div>\n\t\t\t\t<\/div>\n\t\t<div class=\"elementor-element elementor-element-9479961 e-con-full e-flex e-con e-child\" data-id=\"9479961\" data-element_type=\"container\">\n\t\t\t\t<div class=\"elementor-element elementor-element-dc284a5 elementor-widget elementor-widget-text-editor\" data-id=\"dc284a5\" data-element_type=\"widget\" data-widget_type=\"text-editor.default\">\n\t\t\t\t<div class=\"elementor-widget-container\">\n\t\t\t\t\t\t\t\t\t<p>He is part of the new Eurotoques board of directors together with the President of the organisation, Andoni Luis Aduriz.<\/p><p>Pau Aren\u00f3s includes it in the second edition of his book &#8220;La cocina de los valientes&#8221;.<\/p><p>In February he received the Ram\u00f3n Llull de les Illes Balears award.<\/p><p>It has been awarded the third Sol by the Repsol Guide.<\/p>\t\t\t\t\t\t\t\t<\/div>\n\t\t\t\t<\/div>\n\t\t\t\t<\/div>\n\t\t\t\t\t<\/div>\n\t\t\t\t<\/div>\n\t\t<div class=\"elementor-element elementor-element-989c5de e-flex e-con-boxed e-con e-child\" data-id=\"989c5de\" data-element_type=\"container\">\n\t\t\t\t\t<div class=\"e-con-inner\">\n\t\t<div class=\"elementor-element elementor-element-1fe7886 e-con-full e-flex e-con e-child\" data-id=\"1fe7886\" data-element_type=\"container\">\n\t\t\t\t<div class=\"elementor-element elementor-element-9a26883 elementor-widget elementor-widget-text-editor\" data-id=\"9a26883\" data-element_type=\"widget\" data-widget_type=\"text-editor.default\">\n\t\t\t\t<div class=\"elementor-widget-container\">\n\t\t\t\t\t\t\t\t\t<p>2018<\/p>\t\t\t\t\t\t\t\t<\/div>\n\t\t\t\t<\/div>\n\t\t\t\t<\/div>\n\t\t<div class=\"elementor-element elementor-element-0fe63b1 e-con-full e-flex e-con e-child\" data-id=\"0fe63b1\" data-element_type=\"container\">\n\t\t\t\t<div class=\"elementor-element elementor-element-a8762a7 elementor-widget elementor-widget-text-editor\" data-id=\"a8762a7\" data-element_type=\"widget\" data-widget_type=\"text-editor.default\">\n\t\t\t\t<div class=\"elementor-widget-container\">\n\t\t\t\t\t\t\t\t\t<p>Maison Veuve Clicquot names Maca de Castro chef Atelier des Grandes Dames.<\/p>\t\t\t\t\t\t\t\t<\/div>\n\t\t\t\t<\/div>\n\t\t\t\t<\/div>\n\t\t\t\t\t<\/div>\n\t\t\t\t<\/div>\n\t\t<div class=\"elementor-element elementor-element-20f96ee e-flex e-con-boxed e-con e-child\" data-id=\"20f96ee\" data-element_type=\"container\">\n\t\t\t\t\t<div class=\"e-con-inner\">\n\t\t<div class=\"elementor-element elementor-element-6651f17 e-con-full e-flex e-con e-child\" data-id=\"6651f17\" data-element_type=\"container\">\n\t\t\t\t<div class=\"elementor-element elementor-element-b37aa9e elementor-widget elementor-widget-text-editor\" data-id=\"b37aa9e\" data-element_type=\"widget\" data-widget_type=\"text-editor.default\">\n\t\t\t\t<div class=\"elementor-widget-container\">\n\t\t\t\t\t\t\t\t\t<p>2017<\/p>\t\t\t\t\t\t\t\t<\/div>\n\t\t\t\t<\/div>\n\t\t\t\t<\/div>\n\t\t<div class=\"elementor-element elementor-element-9cfe849 e-con-full e-flex e-con e-child\" data-id=\"9cfe849\" data-element_type=\"container\">\n\t\t\t\t<div class=\"elementor-element elementor-element-4f20aec elementor-widget elementor-widget-text-editor\" data-id=\"4f20aec\" data-element_type=\"widget\" data-widget_type=\"text-editor.default\">\n\t\t\t\t<div class=\"elementor-widget-container\">\n\t\t\t\t\t\t\t\t\t<p>The ESERP business school awards Maca de Castro the gold medal for professional merit for her &#8220;great gastronomic career&#8221; and as an &#8220;expert in the application of new techniques to Mediterranean products&#8221;.<\/p><p>The De Castro Group continues its international expansion in the German city of D\u00fcsseldorf with the opening of 20\u00ba Restobar, whose gastronomic offer is designed and supervised by Maca de Castro.<\/p>\t\t\t\t\t\t\t\t<\/div>\n\t\t\t\t<\/div>\n\t\t\t\t<\/div>\n\t\t\t\t\t<\/div>\n\t\t\t\t<\/div>\n\t\t<div class=\"elementor-element elementor-element-d8ef019 e-flex e-con-boxed e-con e-child\" data-id=\"d8ef019\" data-element_type=\"container\">\n\t\t\t\t\t<div class=\"e-con-inner\">\n\t\t<div class=\"elementor-element elementor-element-00612f0 e-con-full e-flex e-con e-child\" data-id=\"00612f0\" data-element_type=\"container\">\n\t\t\t\t<div class=\"elementor-element elementor-element-70fd9b5 elementor-widget elementor-widget-text-editor\" data-id=\"70fd9b5\" data-element_type=\"widget\" data-widget_type=\"text-editor.default\">\n\t\t\t\t<div class=\"elementor-widget-container\">\n\t\t\t\t\t\t\t\t\t<p>2016<\/p>\t\t\t\t\t\t\t\t<\/div>\n\t\t\t\t<\/div>\n\t\t\t\t<\/div>\n\t\t<div class=\"elementor-element elementor-element-94ee57c e-con-full e-flex e-con e-child\" data-id=\"94ee57c\" data-element_type=\"container\">\n\t\t\t\t<div class=\"elementor-element elementor-element-7f0d9b3 elementor-widget elementor-widget-text-editor\" data-id=\"7f0d9b3\" data-element_type=\"widget\" data-widget_type=\"text-editor.default\">\n\t\t\t\t<div class=\"elementor-widget-container\">\n\t\t\t\t\t\t\t\t\t<p>The new concept of I+T (Research and Tradition) begins to develop as a result of cultivating our own vegetable garden where we can study local varieties for self-sufficiency. Maca&#8217;s concern and responsibility is to assign part of the team to the search for local products, the study of the island&#8217;s gastronomic traditions and culinary creativity.<\/p>\t\t\t\t\t\t\t\t<\/div>\n\t\t\t\t<\/div>\n\t\t\t\t<\/div>\n\t\t\t\t\t<\/div>\n\t\t\t\t<\/div>\n\t\t<div class=\"elementor-element elementor-element-2507113 e-flex e-con-boxed e-con e-child\" data-id=\"2507113\" data-element_type=\"container\">\n\t\t\t\t\t<div class=\"e-con-inner\">\n\t\t<div class=\"elementor-element elementor-element-33c5538 e-con-full e-flex e-con e-child\" data-id=\"33c5538\" data-element_type=\"container\">\n\t\t\t\t<div class=\"elementor-element elementor-element-570e9ed elementor-widget elementor-widget-text-editor\" data-id=\"570e9ed\" data-element_type=\"widget\" data-widget_type=\"text-editor.default\">\n\t\t\t\t<div class=\"elementor-widget-container\">\n\t\t\t\t\t\t\t\t\t<p>2015<\/p>\t\t\t\t\t\t\t\t<\/div>\n\t\t\t\t<\/div>\n\t\t\t\t<\/div>\n\t\t<div class=\"elementor-element elementor-element-64c8960 e-con-full e-flex e-con e-child\" data-id=\"64c8960\" data-element_type=\"container\">\n\t\t\t\t<div class=\"elementor-element elementor-element-782ee09 elementor-widget elementor-widget-text-editor\" data-id=\"782ee09\" data-element_type=\"widget\" data-widget_type=\"text-editor.default\">\n\t\t\t\t<div class=\"elementor-widget-container\">\n\t\t\t\t\t\t\t\t\t<p>The magazine Tiempo selects Maca de Castro as one of the ten best young chefs in Spain, along with \u00c1ngel Le\u00f3n, David Mu\u00f1oz, Eneko Atxa, Ricard Camarena, Albert Adri\u00e0, Josean Alija, Francis Paniego, Diego Guerrero and Iv\u00e1n Dom\u00ednguez.<\/p>\t\t\t\t\t\t\t\t<\/div>\n\t\t\t\t<\/div>\n\t\t\t\t<\/div>\n\t\t\t\t\t<\/div>\n\t\t\t\t<\/div>\n\t\t<div class=\"elementor-element elementor-element-24651e4 e-flex e-con-boxed e-con e-child\" data-id=\"24651e4\" data-element_type=\"container\">\n\t\t\t\t\t<div class=\"e-con-inner\">\n\t\t<div class=\"elementor-element elementor-element-ac8253e e-con-full e-flex e-con e-child\" data-id=\"ac8253e\" data-element_type=\"container\">\n\t\t\t\t<div class=\"elementor-element elementor-element-d288e2b elementor-widget elementor-widget-text-editor\" data-id=\"d288e2b\" data-element_type=\"widget\" data-widget_type=\"text-editor.default\">\n\t\t\t\t<div class=\"elementor-widget-container\">\n\t\t\t\t\t\t\t\t\t<p>2014<\/p>\t\t\t\t\t\t\t\t<\/div>\n\t\t\t\t<\/div>\n\t\t\t\t<\/div>\n\t\t<div class=\"elementor-element elementor-element-f6a5011 e-con-full e-flex e-con e-child\" data-id=\"f6a5011\" data-element_type=\"container\">\n\t\t\t\t<div class=\"elementor-element elementor-element-316dd62 elementor-widget elementor-widget-text-editor\" data-id=\"316dd62\" data-element_type=\"widget\" data-widget_type=\"text-editor.default\">\n\t\t\t\t<div class=\"elementor-widget-container\">\n\t\t\t\t\t\t\t\t\t<p>In November she gets his second sun in the Repsol guide.<\/p>\t\t\t\t\t\t\t\t<\/div>\n\t\t\t\t<\/div>\n\t\t\t\t<\/div>\n\t\t\t\t\t<\/div>\n\t\t\t\t<\/div>\n\t\t<div class=\"elementor-element elementor-element-18d0a3e e-flex e-con-boxed e-con e-child\" data-id=\"18d0a3e\" data-element_type=\"container\">\n\t\t\t\t\t<div class=\"e-con-inner\">\n\t\t<div class=\"elementor-element elementor-element-0806419 e-con-full e-flex e-con e-child\" data-id=\"0806419\" data-element_type=\"container\">\n\t\t\t\t<div class=\"elementor-element elementor-element-dc51279 elementor-widget elementor-widget-text-editor\" data-id=\"dc51279\" data-element_type=\"widget\" data-widget_type=\"text-editor.default\">\n\t\t\t\t<div class=\"elementor-widget-container\">\n\t\t\t\t\t\t\t\t\t<p>2013<\/p>\t\t\t\t\t\t\t\t<\/div>\n\t\t\t\t<\/div>\n\t\t\t\t<\/div>\n\t\t<div class=\"elementor-element elementor-element-f11b304 e-con-full e-flex e-con e-child\" data-id=\"f11b304\" data-element_type=\"container\">\n\t\t\t\t<div class=\"elementor-element elementor-element-3e53042 elementor-widget elementor-widget-text-editor\" data-id=\"3e53042\" data-element_type=\"widget\" data-widget_type=\"text-editor.default\">\n\t\t\t\t<div class=\"elementor-widget-container\">\n\t\t\t\t\t\t\t\t\t<p>In December, brothers Daniel and Maca de Castro opened the restaurant Jard\u00edn by Sarav\u00e1 in Arenas de Jos\u00e9 Ignacio (Uruguay).<\/p><p>Maca de Castro opens the cover of the magazine Club de Gourmets, in its July-August issue, with the title of The Balearic Star.<\/p><p>In February, the Repsol guide awarded a sun to the restaurant Maca de Castro.Maca de Castro is named Chef of the Year 2012, as part of the awards given by the Associaci\u00f3 de Periodistes i Escriptors Gastron\u00f2mics de Balears (Association of Gastronomic Journalists and Writers of the Balearic Islands).<\/p><p>In January, Maca de Castro took part as a speaker at Madrid Fusi\u00f3n with a talk entitled Sabores de una isla (Flavours of an island). The Wall Street Journal highlights his intervention at this international congress.<\/p>\t\t\t\t\t\t\t\t<\/div>\n\t\t\t\t<\/div>\n\t\t\t\t<\/div>\n\t\t\t\t\t<\/div>\n\t\t\t\t<\/div>\n\t\t<div class=\"elementor-element elementor-element-ea9de9d e-flex e-con-boxed e-con e-child\" data-id=\"ea9de9d\" data-element_type=\"container\">\n\t\t\t\t\t<div class=\"e-con-inner\">\n\t\t<div class=\"elementor-element elementor-element-6232a66 e-con-full e-flex e-con e-child\" data-id=\"6232a66\" data-element_type=\"container\">\n\t\t\t\t<div class=\"elementor-element elementor-element-70d1f1f elementor-widget elementor-widget-text-editor\" data-id=\"70d1f1f\" data-element_type=\"widget\" data-widget_type=\"text-editor.default\">\n\t\t\t\t<div class=\"elementor-widget-container\">\n\t\t\t\t\t\t\t\t\t<p>2012<\/p>\t\t\t\t\t\t\t\t<\/div>\n\t\t\t\t<\/div>\n\t\t\t\t<\/div>\n\t\t<div class=\"elementor-element elementor-element-86503f2 e-con-full e-flex e-con e-child\" data-id=\"86503f2\" data-element_type=\"container\">\n\t\t\t\t<div class=\"elementor-element elementor-element-2f5387b elementor-widget elementor-widget-text-editor\" data-id=\"2f5387b\" data-element_type=\"widget\" data-widget_type=\"text-editor.default\">\n\t\t\t\t<div class=\"elementor-widget-container\">\n\t\t\t\t\t\t\t\t\t<p>In May, Maca de Castro shares the cover of La Vanguardia Magazine with Elena Arzak and Carme Ruscalleda.<\/p><p>The Michelin guide awards a star to the restaurant Maca de Castro.<\/p>\t\t\t\t\t\t\t\t<\/div>\n\t\t\t\t<\/div>\n\t\t\t\t<\/div>\n\t\t\t\t\t<\/div>\n\t\t\t\t<\/div>\n\t\t<div class=\"elementor-element elementor-element-4faaec9 e-flex e-con-boxed e-con e-child\" data-id=\"4faaec9\" data-element_type=\"container\">\n\t\t\t\t\t<div class=\"e-con-inner\">\n\t\t<div class=\"elementor-element elementor-element-ee3eb31 e-con-full e-flex e-con e-child\" data-id=\"ee3eb31\" data-element_type=\"container\">\n\t\t\t\t<div class=\"elementor-element elementor-element-26f1010 elementor-widget elementor-widget-text-editor\" data-id=\"26f1010\" data-element_type=\"widget\" data-widget_type=\"text-editor.default\">\n\t\t\t\t<div class=\"elementor-widget-container\">\n\t\t\t\t\t\t\t\t\t<p>2011<\/p>\t\t\t\t\t\t\t\t<\/div>\n\t\t\t\t<\/div>\n\t\t\t\t<\/div>\n\t\t<div class=\"elementor-element elementor-element-0aae838 e-con-full e-flex e-con e-child\" data-id=\"0aae838\" data-element_type=\"container\">\n\t\t\t\t<div class=\"elementor-element elementor-element-68a0f68 elementor-widget elementor-widget-text-editor\" data-id=\"68a0f68\" data-element_type=\"widget\" data-widget_type=\"text-editor.default\">\n\t\t\t\t<div class=\"elementor-widget-container\">\n\t\t\t\t\t\t\t\t\t<p>The Jard\u00edn restaurant moves to the first floor and changes its name. The restaurant is now called Maca de Castro and offers a tasting menu of contemporary cuisine. In the same building but on the ground floor, the Jard\u00edn Bistr\u00f3 restaurant, a concept of traditional \u00e0 la carte cuisine, has been inaugurated.<\/p>\t\t\t\t\t\t\t\t<\/div>\n\t\t\t\t<\/div>\n\t\t\t\t<\/div>\n\t\t\t\t\t<\/div>\n\t\t\t\t<\/div>\n\t\t<div class=\"elementor-element elementor-element-2648fd4 e-flex e-con-boxed e-con e-child\" data-id=\"2648fd4\" data-element_type=\"container\">\n\t\t\t\t\t<div class=\"e-con-inner\">\n\t\t<div class=\"elementor-element elementor-element-6b71434 e-con-full e-flex e-con e-child\" data-id=\"6b71434\" data-element_type=\"container\">\n\t\t\t\t<div class=\"elementor-element elementor-element-4acc420 elementor-widget elementor-widget-text-editor\" data-id=\"4acc420\" data-element_type=\"widget\" data-widget_type=\"text-editor.default\">\n\t\t\t\t<div class=\"elementor-widget-container\">\n\t\t\t\t\t\t\t\t\t<p>2003<\/p>\t\t\t\t\t\t\t\t<\/div>\n\t\t\t\t<\/div>\n\t\t\t\t<\/div>\n\t\t<div class=\"elementor-element elementor-element-a9f4d11 e-con-full e-flex e-con e-child\" data-id=\"a9f4d11\" data-element_type=\"container\">\n\t\t\t\t<div class=\"elementor-element elementor-element-845c48c elementor-widget elementor-widget-text-editor\" data-id=\"845c48c\" data-element_type=\"widget\" data-widget_type=\"text-editor.default\">\n\t\t\t\t<div class=\"elementor-widget-container\">\n\t\t\t\t\t\t\t\t\t<p>Maca de Castro starts to run the kitchen of the Jard\u00edn as chef.<\/p>\t\t\t\t\t\t\t\t<\/div>\n\t\t\t\t<\/div>\n\t\t\t\t<\/div>\n\t\t\t\t\t<\/div>\n\t\t\t\t<\/div>\n\t\t<div class=\"elementor-element elementor-element-4b7e73c e-flex e-con-boxed e-con e-child\" data-id=\"4b7e73c\" data-element_type=\"container\">\n\t\t\t\t\t<div class=\"e-con-inner\">\n\t\t<div class=\"elementor-element elementor-element-3b0ff6b e-con-full e-flex e-con e-child\" data-id=\"3b0ff6b\" data-element_type=\"container\">\n\t\t\t\t<div class=\"elementor-element elementor-element-56b6c84 elementor-widget elementor-widget-text-editor\" data-id=\"56b6c84\" data-element_type=\"widget\" data-widget_type=\"text-editor.default\">\n\t\t\t\t<div class=\"elementor-widget-container\">\n\t\t\t\t\t\t\t\t\t<p>2000<\/p>\t\t\t\t\t\t\t\t<\/div>\n\t\t\t\t<\/div>\n\t\t\t\t<\/div>\n\t\t<div class=\"elementor-element elementor-element-95583bf e-con-full e-flex e-con e-child\" data-id=\"95583bf\" data-element_type=\"container\">\n\t\t\t\t<div class=\"elementor-element elementor-element-e4d0484 elementor-widget elementor-widget-text-editor\" data-id=\"e4d0484\" data-element_type=\"widget\" data-widget_type=\"text-editor.default\">\n\t\t\t\t<div class=\"elementor-widget-container\">\n\t\t\t\t\t\t\t\t\t<p>Maca de Castro joins the Jard\u00edn restaurant as kitchen assistant.<\/p>\t\t\t\t\t\t\t\t<\/div>\n\t\t\t\t<\/div>\n\t\t\t\t<\/div>\n\t\t\t\t\t<\/div>\n\t\t\t\t<\/div>\n\t\t<div class=\"elementor-element elementor-element-44af12a e-flex e-con-boxed e-con e-child\" data-id=\"44af12a\" data-element_type=\"container\">\n\t\t\t\t\t<div class=\"e-con-inner\">\n\t\t<div class=\"elementor-element elementor-element-7fa6b39 e-con-full e-flex e-con e-child\" data-id=\"7fa6b39\" data-element_type=\"container\">\n\t\t\t\t<div class=\"elementor-element elementor-element-0cb42a6 elementor-widget elementor-widget-text-editor\" data-id=\"0cb42a6\" data-element_type=\"widget\" data-widget_type=\"text-editor.default\">\n\t\t\t\t<div class=\"elementor-widget-container\">\n\t\t\t\t\t\t\t\t\t<p>1996<\/p>\t\t\t\t\t\t\t\t<\/div>\n\t\t\t\t<\/div>\n\t\t\t\t<\/div>\n\t\t<div class=\"elementor-element elementor-element-d63bef4 e-con-full e-flex e-con e-child\" data-id=\"d63bef4\" data-element_type=\"container\">\n\t\t\t\t<div class=\"elementor-element elementor-element-1008199 elementor-widget elementor-widget-text-editor\" data-id=\"1008199\" data-element_type=\"widget\" data-widget_type=\"text-editor.default\">\n\t\t\t\t<div class=\"elementor-widget-container\">\n\t\t\t\t\t\t\t\t\t<p>The De Castro family inaugurates the Jard\u00edn restaurant. Maca de Castro starts as a waitress.<\/p>\t\t\t\t\t\t\t\t<\/div>\n\t\t\t\t<\/div>\n\t\t\t\t<\/div>\n\t\t\t\t\t<\/div>\n\t\t\t\t<\/div>\n\t\t\t\t\t<\/div>\n\t\t\t\t<\/div>\n\t\t\t\t<\/div>\n\t\t<div class=\"elementor-element elementor-element-d82316b e-con-full e-flex e-con e-child\" data-id=\"d82316b\" data-element_type=\"container\" data-settings=\"{&quot;background_background&quot;:&quot;classic&quot;}\">\n\t\t\t\t<div class=\"elementor-element elementor-element-3e67c04 elementor-widget elementor-widget-image\" data-id=\"3e67c04\" data-element_type=\"widget\" data-settings=\"{&quot;sticky&quot;:&quot;top&quot;,&quot;sticky_on&quot;:[&quot;desktop&quot;],&quot;sticky_offset&quot;:0,&quot;sticky_effects_offset&quot;:0,&quot;sticky_anchor_link_offset&quot;:0}\" data-widget_type=\"image.default\">\n\t\t\t\t<div class=\"elementor-widget-container\">\n\t\t\t\t\t\t\t\t\t\t\t\t\t\t\t<img fetchpriority=\"high\" decoding=\"async\" width=\"1512\" height=\"1964\" src=\"https:\/\/macadecastro.com\/wp-content\/uploads\/2024\/04\/31082023-_DSC2913-8.png\" class=\"attachment-full size-full wp-image-1749\" alt=\"\" srcset=\"https:\/\/macadecastro.com\/wp-content\/uploads\/2024\/04\/31082023-_DSC2913-8.png 1512w, https:\/\/macadecastro.com\/wp-content\/uploads\/2024\/04\/31082023-_DSC2913-8-231x300.png 231w, https:\/\/macadecastro.com\/wp-content\/uploads\/2024\/04\/31082023-_DSC2913-8-788x1024.png 788w, https:\/\/macadecastro.com\/wp-content\/uploads\/2024\/04\/31082023-_DSC2913-8-115x150.png 115w, https:\/\/macadecastro.com\/wp-content\/uploads\/2024\/04\/31082023-_DSC2913-8-768x998.png 768w, https:\/\/macadecastro.com\/wp-content\/uploads\/2024\/04\/31082023-_DSC2913-8-1183x1536.png 1183w\" sizes=\"(max-width: 1512px) 100vw, 1512px\" \/>\t\t\t\t\t\t\t\t\t\t\t\t\t\t\t<\/div>\n\t\t\t\t<\/div>\n\t\t\t\t<\/div>\n\t\t\t\t<\/div>\n\t\t\t\t<\/div>\n\t\t\t\t<\/div>\n\t\t","protected":false},"excerpt":{"rendered":"<p>Maca de Castro Maca de Castro was born in Mallorca in 1981. He comes from a family linked to the gastronomic world, so he developed a taste for local ingredients very early on; After training at the hotel and catering school, she began her search for excellence, which led her to travel the world and [&hellip;]<\/p>\n","protected":false},"author":1,"featured_media":0,"parent":0,"menu_order":0,"comment_status":"closed","ping_status":"closed","template":"","meta":{"footnotes":""},"class_list":["post-1815","page","type-page","status-publish","hentry"],"yoast_head":"<!-- This site is optimized with the Yoast SEO plugin v26.3 - https:\/\/yoast.com\/wordpress\/plugins\/seo\/ -->\n<title>Maca de Castro | Maca de Castro<\/title>\n<meta name=\"robots\" content=\"index, follow, max-snippet:-1, max-image-preview:large, max-video-preview:-1\" \/>\n<link rel=\"canonical\" href=\"https:\/\/macadecastro.com\/en\/maca-de-castro\/\" \/>\n<meta property=\"og:locale\" content=\"en_US\" \/>\n<meta property=\"og:type\" content=\"article\" \/>\n<meta property=\"og:title\" content=\"Maca de Castro | Maca de Castro\" \/>\n<meta property=\"og:description\" content=\"Maca de Castro Maca de Castro was born in Mallorca in 1981. He comes from a family linked to the gastronomic world, so he developed a taste for local ingredients very early on; After training at the hotel and catering school, she began her search for excellence, which led her to travel the world and [&hellip;]\" \/>\n<meta property=\"og:url\" content=\"https:\/\/macadecastro.com\/en\/maca-de-castro\/\" \/>\n<meta property=\"og:site_name\" content=\"Maca de Castro\" \/>\n<meta property=\"article:modified_time\" content=\"2025-07-02T14:49:57+00:00\" \/>\n<meta property=\"og:image\" content=\"https:\/\/macadecastro.com\/wp-content\/uploads\/2024\/04\/31082023-_DSC2913-8-788x1024.png\" \/>\n\t<meta property=\"og:image:width\" content=\"788\" \/>\n\t<meta property=\"og:image:height\" content=\"1024\" \/>\n\t<meta property=\"og:image:type\" content=\"image\/png\" \/>\n<meta name=\"twitter:card\" content=\"summary_large_image\" \/>\n<meta name=\"twitter:label1\" content=\"Est. reading time\" \/>\n\t<meta name=\"twitter:data1\" content=\"4 minutes\" \/>\n<script type=\"application\/ld+json\" class=\"yoast-schema-graph\">{\"@context\":\"https:\/\/schema.org\",\"@graph\":[{\"@type\":\"WebPage\",\"@id\":\"https:\/\/macadecastro.com\/en\/maca-de-castro\/\",\"url\":\"https:\/\/macadecastro.com\/en\/maca-de-castro\/\",\"name\":\"Maca de Castro | Maca de Castro\",\"isPartOf\":{\"@id\":\"https:\/\/macadecastro.com\/en\/#website\"},\"primaryImageOfPage\":{\"@id\":\"https:\/\/macadecastro.com\/en\/maca-de-castro\/#primaryimage\"},\"image\":{\"@id\":\"https:\/\/macadecastro.com\/en\/maca-de-castro\/#primaryimage\"},\"thumbnailUrl\":\"https:\/\/macadecastro.com\/wp-content\/uploads\/2024\/04\/31082023-_DSC2913-8.png\",\"datePublished\":\"2024-04-22T16:41:53+00:00\",\"dateModified\":\"2025-07-02T14:49:57+00:00\",\"breadcrumb\":{\"@id\":\"https:\/\/macadecastro.com\/en\/maca-de-castro\/#breadcrumb\"},\"inLanguage\":\"en-US\",\"potentialAction\":[{\"@type\":\"ReadAction\",\"target\":[\"https:\/\/macadecastro.com\/en\/maca-de-castro\/\"]}]},{\"@type\":\"ImageObject\",\"inLanguage\":\"en-US\",\"@id\":\"https:\/\/macadecastro.com\/en\/maca-de-castro\/#primaryimage\",\"url\":\"https:\/\/macadecastro.com\/wp-content\/uploads\/2024\/04\/31082023-_DSC2913-8.png\",\"contentUrl\":\"https:\/\/macadecastro.com\/wp-content\/uploads\/2024\/04\/31082023-_DSC2913-8.png\"},{\"@type\":\"BreadcrumbList\",\"@id\":\"https:\/\/macadecastro.com\/en\/maca-de-castro\/#breadcrumb\",\"itemListElement\":[{\"@type\":\"ListItem\",\"position\":1,\"name\":\"Portada\",\"item\":\"https:\/\/macadecastro.com\/en\/home\/\"},{\"@type\":\"ListItem\",\"position\":2,\"name\":\"Maca de Castro\"}]},{\"@type\":\"WebSite\",\"@id\":\"https:\/\/macadecastro.com\/en\/#website\",\"url\":\"https:\/\/macadecastro.com\/en\/\",\"name\":\"Restaurante Maca de Castro\",\"description\":\"Restaurante gastron\u00f3mico en el Puerto de Alc\u00fadia de la chef Maca de Castro\",\"publisher\":{\"@id\":\"https:\/\/macadecastro.com\/en\/#organization\"},\"potentialAction\":[{\"@type\":\"SearchAction\",\"target\":{\"@type\":\"EntryPoint\",\"urlTemplate\":\"https:\/\/macadecastro.com\/en\/?s={search_term_string}\"},\"query-input\":{\"@type\":\"PropertyValueSpecification\",\"valueRequired\":true,\"valueName\":\"search_term_string\"}}],\"inLanguage\":\"en-US\"},{\"@type\":\"Organization\",\"@id\":\"https:\/\/macadecastro.com\/en\/#organization\",\"name\":\"Restaurante Maca de Castro\",\"url\":\"https:\/\/macadecastro.com\/en\/\",\"logo\":{\"@type\":\"ImageObject\",\"inLanguage\":\"en-US\",\"@id\":\"https:\/\/macadecastro.com\/en\/#\/schema\/logo\/image\/\",\"url\":\"https:\/\/macadecastro.com\/wp-content\/uploads\/2024\/04\/Group-54.png\",\"contentUrl\":\"https:\/\/macadecastro.com\/wp-content\/uploads\/2024\/04\/Group-54.png\",\"width\":500,\"height\":45,\"caption\":\"Restaurante Maca de Castro\"},\"image\":{\"@id\":\"https:\/\/macadecastro.com\/en\/#\/schema\/logo\/image\/\"}}]}<\/script>\n<!-- \/ Yoast SEO plugin. -->","yoast_head_json":{"title":"Maca de Castro | Maca de Castro","robots":{"index":"index","follow":"follow","max-snippet":"max-snippet:-1","max-image-preview":"max-image-preview:large","max-video-preview":"max-video-preview:-1"},"canonical":"https:\/\/macadecastro.com\/en\/maca-de-castro\/","og_locale":"en_US","og_type":"article","og_title":"Maca de Castro | Maca de Castro","og_description":"Maca de Castro Maca de Castro was born in Mallorca in 1981. He comes from a family linked to the gastronomic world, so he developed a taste for local ingredients very early on; After training at the hotel and catering school, she began her search for excellence, which led her to travel the world and [&hellip;]","og_url":"https:\/\/macadecastro.com\/en\/maca-de-castro\/","og_site_name":"Maca de Castro","article_modified_time":"2025-07-02T14:49:57+00:00","og_image":[{"width":788,"height":1024,"url":"https:\/\/macadecastro.com\/wp-content\/uploads\/2024\/04\/31082023-_DSC2913-8-788x1024.png","type":"image\/png"}],"twitter_card":"summary_large_image","twitter_misc":{"Est. reading time":"4 minutes"},"schema":{"@context":"https:\/\/schema.org","@graph":[{"@type":"WebPage","@id":"https:\/\/macadecastro.com\/en\/maca-de-castro\/","url":"https:\/\/macadecastro.com\/en\/maca-de-castro\/","name":"Maca de Castro | Maca de Castro","isPartOf":{"@id":"https:\/\/macadecastro.com\/en\/#website"},"primaryImageOfPage":{"@id":"https:\/\/macadecastro.com\/en\/maca-de-castro\/#primaryimage"},"image":{"@id":"https:\/\/macadecastro.com\/en\/maca-de-castro\/#primaryimage"},"thumbnailUrl":"https:\/\/macadecastro.com\/wp-content\/uploads\/2024\/04\/31082023-_DSC2913-8.png","datePublished":"2024-04-22T16:41:53+00:00","dateModified":"2025-07-02T14:49:57+00:00","breadcrumb":{"@id":"https:\/\/macadecastro.com\/en\/maca-de-castro\/#breadcrumb"},"inLanguage":"en-US","potentialAction":[{"@type":"ReadAction","target":["https:\/\/macadecastro.com\/en\/maca-de-castro\/"]}]},{"@type":"ImageObject","inLanguage":"en-US","@id":"https:\/\/macadecastro.com\/en\/maca-de-castro\/#primaryimage","url":"https:\/\/macadecastro.com\/wp-content\/uploads\/2024\/04\/31082023-_DSC2913-8.png","contentUrl":"https:\/\/macadecastro.com\/wp-content\/uploads\/2024\/04\/31082023-_DSC2913-8.png"},{"@type":"BreadcrumbList","@id":"https:\/\/macadecastro.com\/en\/maca-de-castro\/#breadcrumb","itemListElement":[{"@type":"ListItem","position":1,"name":"Portada","item":"https:\/\/macadecastro.com\/en\/home\/"},{"@type":"ListItem","position":2,"name":"Maca de Castro"}]},{"@type":"WebSite","@id":"https:\/\/macadecastro.com\/en\/#website","url":"https:\/\/macadecastro.com\/en\/","name":"Restaurante Maca de Castro","description":"Restaurante gastron\u00f3mico en el Puerto de Alc\u00fadia de la chef Maca de Castro","publisher":{"@id":"https:\/\/macadecastro.com\/en\/#organization"},"potentialAction":[{"@type":"SearchAction","target":{"@type":"EntryPoint","urlTemplate":"https:\/\/macadecastro.com\/en\/?s={search_term_string}"},"query-input":{"@type":"PropertyValueSpecification","valueRequired":true,"valueName":"search_term_string"}}],"inLanguage":"en-US"},{"@type":"Organization","@id":"https:\/\/macadecastro.com\/en\/#organization","name":"Restaurante Maca de Castro","url":"https:\/\/macadecastro.com\/en\/","logo":{"@type":"ImageObject","inLanguage":"en-US","@id":"https:\/\/macadecastro.com\/en\/#\/schema\/logo\/image\/","url":"https:\/\/macadecastro.com\/wp-content\/uploads\/2024\/04\/Group-54.png","contentUrl":"https:\/\/macadecastro.com\/wp-content\/uploads\/2024\/04\/Group-54.png","width":500,"height":45,"caption":"Restaurante Maca de Castro"},"image":{"@id":"https:\/\/macadecastro.com\/en\/#\/schema\/logo\/image\/"}}]}},"_links":{"self":[{"href":"https:\/\/macadecastro.com\/en\/wp-json\/wp\/v2\/pages\/1815","targetHints":{"allow":["GET"]}}],"collection":[{"href":"https:\/\/macadecastro.com\/en\/wp-json\/wp\/v2\/pages"}],"about":[{"href":"https:\/\/macadecastro.com\/en\/wp-json\/wp\/v2\/types\/page"}],"author":[{"embeddable":true,"href":"https:\/\/macadecastro.com\/en\/wp-json\/wp\/v2\/users\/1"}],"replies":[{"embeddable":true,"href":"https:\/\/macadecastro.com\/en\/wp-json\/wp\/v2\/comments?post=1815"}],"version-history":[{"count":10,"href":"https:\/\/macadecastro.com\/en\/wp-json\/wp\/v2\/pages\/1815\/revisions"}],"predecessor-version":[{"id":2534,"href":"https:\/\/macadecastro.com\/en\/wp-json\/wp\/v2\/pages\/1815\/revisions\/2534"}],"wp:attachment":[{"href":"https:\/\/macadecastro.com\/en\/wp-json\/wp\/v2\/media?parent=1815"}],"curies":[{"name":"wp","href":"https:\/\/api.w.org\/{rel}","templated":true}]}}